{"id":3041,"date":"2023-09-05T13:19:38","date_gmt":"2023-09-05T17:19:38","guid":{"rendered":"https:\/\/monastere.ca\/?post_type=activities&#038;p=3041"},"modified":"2023-09-18T08:49:09","modified_gmt":"2023-09-18T12:49:09","slug":"atelier-dun-jour-equilibre-et-enracinement","status":"publish","type":"activities","link":"https:\/\/monastere.ca\/en\/activity\/atelier-dun-jour-equilibre-et-enracinement\/","title":{"rendered":"Atelier d\u2019un jour &#8211; \u00c9quilibre et enracinement"},"content":{"rendered":"","protected":false},"featured_media":0,"template":"","activity-category":[40,46],"class_list":["post-3041","activities","type-activities","status-publish","hentry","activity-category-ateliers","activity-category-yoga-et-mouvement","organizer-capucine-chartrand"],"acf":[],"yoast_head":"<!-- This site is optimized with the Yoast SEO plugin v27.3 - https:\/\/yoast.com\/product\/yoast-seo-wordpress\/ -->\n<title>Atelier d\u2019un jour - \u00c9quilibre et enracinement - Monast\u00e8re des Augustines<\/title>\n<meta name=\"description\" content=\"L\u2019automne invite \u00e0 revenir \u00e0 soi et \u00e0 ralentir. Profitez d\u2019une journ\u00e9e en compagnie de Capucine Chartrand, o\u00f9 yoga, herboristerie et m\u00e9ditation vous outilleront pour trouver un espace d\u2019\u00e9quilibre et d\u2019enracinement.\" \/>\n<meta name=\"robots\" content=\"index, follow, max-snippet:-1, max-image-preview:large, max-video-preview:-1\" \/>\n<link rel=\"canonical\" href=\"https:\/\/monastere.ca\/en\/activity\/atelier-dun-jour-equilibre-et-enracinement\/\" \/>\n<meta property=\"og:locale\" content=\"en_US\" \/>\n<meta property=\"og:type\" content=\"article\" \/>\n<meta property=\"og:title\" content=\"Atelier d\u2019un jour - \u00c9quilibre et enracinement - Monast\u00e8re des Augustines\" \/>\n<meta property=\"og:description\" content=\"L\u2019automne invite \u00e0 revenir \u00e0 soi et \u00e0 ralentir. Profitez d\u2019une journ\u00e9e en compagnie de Capucine Chartrand, o\u00f9 yoga, herboristerie et m\u00e9ditation vous outilleront pour trouver un espace d\u2019\u00e9quilibre et d\u2019enracinement.\" \/>\n<meta property=\"og:url\" content=\"https:\/\/monastere.ca\/en\/activity\/atelier-dun-jour-equilibre-et-enracinement\/\" \/>\n<meta property=\"og:site_name\" content=\"Monast\u00e8re des Augustines\" \/>\n<meta property=\"article:publisher\" content=\"https:\/\/www.facebook.com\/monastere.ca\/?locale=fr_CA\" \/>\n<meta property=\"article:modified_time\" content=\"2023-09-18T12:49:09+00:00\" \/>\n<meta property=\"og:image\" content=\"https:\/\/monastere.ca\/wp-content\/uploads\/2023\/08\/Image_OG_1200x675.png\" \/>\n\t<meta property=\"og:image:width\" content=\"1200\" \/>\n\t<meta property=\"og:image:height\" content=\"675\" \/>\n\t<meta property=\"og:image:type\" content=\"image\/png\" \/>\n<meta name=\"twitter:card\" content=\"summary_large_image\" \/>\n<script type=\"application\/ld+json\" class=\"yoast-schema-graph\">{\"@context\":\"https:\\\/\\\/schema.org\",\"@graph\":[{\"@type\":\"WebPage\",\"@id\":\"https:\\\/\\\/monastere.ca\\\/en\\\/activity\\\/atelier-dun-jour-equilibre-et-enracinement\\\/\",\"url\":\"https:\\\/\\\/monastere.ca\\\/en\\\/activity\\\/atelier-dun-jour-equilibre-et-enracinement\\\/\",\"name\":\"Atelier d\u2019un jour - \u00c9quilibre et enracinement - Monast\u00e8re des Augustines\",\"isPartOf\":{\"@id\":\"https:\\\/\\\/monastere.ca\\\/en\\\/#website\"},\"datePublished\":\"2023-09-05T17:19:38+00:00\",\"dateModified\":\"2023-09-18T12:49:09+00:00\",\"description\":\"L\u2019automne invite \u00e0 revenir \u00e0 soi et \u00e0 ralentir. Profitez d\u2019une journ\u00e9e en compagnie de Capucine Chartrand, o\u00f9 yoga, herboristerie et m\u00e9ditation vous outilleront pour trouver un espace d\u2019\u00e9quilibre et d\u2019enracinement.\",\"breadcrumb\":{\"@id\":\"https:\\\/\\\/monastere.ca\\\/en\\\/activity\\\/atelier-dun-jour-equilibre-et-enracinement\\\/#breadcrumb\"},\"inLanguage\":\"en-US\",\"potentialAction\":[{\"@type\":\"ReadAction\",\"target\":[\"https:\\\/\\\/monastere.ca\\\/en\\\/activity\\\/atelier-dun-jour-equilibre-et-enracinement\\\/\"]}]},{\"@type\":\"BreadcrumbList\",\"@id\":\"https:\\\/\\\/monastere.ca\\\/en\\\/activity\\\/atelier-dun-jour-equilibre-et-enracinement\\\/#breadcrumb\",\"itemListElement\":[{\"@type\":\"ListItem\",\"position\":1,\"name\":\"Accueil\",\"item\":\"https:\\\/\\\/monastere.ca\\\/en\\\/\"},{\"@type\":\"ListItem\",\"position\":2,\"name\":\"Atelier d\u2019un jour &#8211; \u00c9quilibre et enracinement\"}]},{\"@type\":\"WebSite\",\"@id\":\"https:\\\/\\\/monastere.ca\\\/en\\\/#website\",\"url\":\"https:\\\/\\\/monastere.ca\\\/en\\\/\",\"name\":\"Monast\u00e8re des Augustines\",\"description\":\"Monast\u00e8re des Augustines, un havre patrimonial authentique de sant\u00e9 et de mieux-\u00eatre avec atelier, spa, mus\u00e9e, restaurant et h\u00f4tellerie au Qu\u00e9bec.\",\"publisher\":{\"@id\":\"https:\\\/\\\/monastere.ca\\\/en\\\/#organization\"},\"potentialAction\":[{\"@type\":\"SearchAction\",\"target\":{\"@type\":\"EntryPoint\",\"urlTemplate\":\"https:\\\/\\\/monastere.ca\\\/en\\\/?s={search_term_string}\"},\"query-input\":{\"@type\":\"PropertyValueSpecification\",\"valueRequired\":true,\"valueName\":\"search_term_string\"}}],\"inLanguage\":\"en-US\"},{\"@type\":\"Organization\",\"@id\":\"https:\\\/\\\/monastere.ca\\\/en\\\/#organization\",\"name\":\"Monast\u00e8re des Augustines\",\"url\":\"https:\\\/\\\/monastere.ca\\\/en\\\/\",\"logo\":{\"@type\":\"ImageObject\",\"inLanguage\":\"en-US\",\"@id\":\"https:\\\/\\\/monastere.ca\\\/en\\\/#\\\/schema\\\/logo\\\/image\\\/\",\"url\":\"https:\\\/\\\/monastere.ca\\\/wp-content\\\/uploads\\\/2023\\\/07\\\/logo-monastere.svg\",\"contentUrl\":\"https:\\\/\\\/monastere.ca\\\/wp-content\\\/uploads\\\/2023\\\/07\\\/logo-monastere.svg\",\"width\":1,\"height\":1,\"caption\":\"Monast\u00e8re des Augustines\"},\"image\":{\"@id\":\"https:\\\/\\\/monastere.ca\\\/en\\\/#\\\/schema\\\/logo\\\/image\\\/\"},\"sameAs\":[\"https:\\\/\\\/www.facebook.com\\\/monastere.ca\\\/?locale=fr_CA\",\"https:\\\/\\\/www.instagram.com\\\/lemonasteredesaugustines\\\/\",\"https:\\\/\\\/www.linkedin.com\\\/company\\\/le-monastere-des-augustines\\\/?originalSubdomain=ca\",\"https:\\\/\\\/fr.tripadvisor.ca\\\/Hotel_Review-g155033-d8460643-Reviews-Le_Monastere_des_Augustines-Quebec_City_Quebec.html\"]}]}<\/script>\n<!-- \/ Yoast SEO plugin. -->","yoast_head_json":{"title":"Atelier d\u2019un jour - \u00c9quilibre et enracinement - Monast\u00e8re des Augustines","description":"L\u2019automne invite \u00e0 revenir \u00e0 soi et \u00e0 ralentir. Profitez d\u2019une journ\u00e9e en compagnie de Capucine Chartrand, o\u00f9 yoga, herboristerie et m\u00e9ditation vous outilleront pour trouver un espace d\u2019\u00e9quilibre et d\u2019enracinement.","robots":{"index":"index","follow":"follow","max-snippet":"max-snippet:-1","max-image-preview":"max-image-preview:large","max-video-preview":"max-video-preview:-1"},"canonical":"https:\/\/monastere.ca\/en\/activity\/atelier-dun-jour-equilibre-et-enracinement\/","og_locale":"en_US","og_type":"article","og_title":"Atelier d\u2019un jour - \u00c9quilibre et enracinement - Monast\u00e8re des Augustines","og_description":"L\u2019automne invite \u00e0 revenir \u00e0 soi et \u00e0 ralentir. Profitez d\u2019une journ\u00e9e en compagnie de Capucine Chartrand, o\u00f9 yoga, herboristerie et m\u00e9ditation vous outilleront pour trouver un espace d\u2019\u00e9quilibre et d\u2019enracinement.","og_url":"https:\/\/monastere.ca\/en\/activity\/atelier-dun-jour-equilibre-et-enracinement\/","og_site_name":"Monast\u00e8re des Augustines","article_publisher":"https:\/\/www.facebook.com\/monastere.ca\/?locale=fr_CA","article_modified_time":"2023-09-18T12:49:09+00:00","og_image":[{"width":1200,"height":675,"url":"https:\/\/monastere.ca\/wp-content\/uploads\/2023\/08\/Image_OG_1200x675.png","type":"image\/png"}],"twitter_card":"summary_large_image","schema":{"@context":"https:\/\/schema.org","@graph":[{"@type":"WebPage","@id":"https:\/\/monastere.ca\/en\/activity\/atelier-dun-jour-equilibre-et-enracinement\/","url":"https:\/\/monastere.ca\/en\/activity\/atelier-dun-jour-equilibre-et-enracinement\/","name":"Atelier d\u2019un jour - \u00c9quilibre et enracinement - Monast\u00e8re des Augustines","isPartOf":{"@id":"https:\/\/monastere.ca\/en\/#website"},"datePublished":"2023-09-05T17:19:38+00:00","dateModified":"2023-09-18T12:49:09+00:00","description":"L\u2019automne invite \u00e0 revenir \u00e0 soi et \u00e0 ralentir. Profitez d\u2019une journ\u00e9e en compagnie de Capucine Chartrand, o\u00f9 yoga, herboristerie et m\u00e9ditation vous outilleront pour trouver un espace d\u2019\u00e9quilibre et d\u2019enracinement.","breadcrumb":{"@id":"https:\/\/monastere.ca\/en\/activity\/atelier-dun-jour-equilibre-et-enracinement\/#breadcrumb"},"inLanguage":"en-US","potentialAction":[{"@type":"ReadAction","target":["https:\/\/monastere.ca\/en\/activity\/atelier-dun-jour-equilibre-et-enracinement\/"]}]},{"@type":"BreadcrumbList","@id":"https:\/\/monastere.ca\/en\/activity\/atelier-dun-jour-equilibre-et-enracinement\/#breadcrumb","itemListElement":[{"@type":"ListItem","position":1,"name":"Accueil","item":"https:\/\/monastere.ca\/en\/"},{"@type":"ListItem","position":2,"name":"Atelier d\u2019un jour &#8211; \u00c9quilibre et enracinement"}]},{"@type":"WebSite","@id":"https:\/\/monastere.ca\/en\/#website","url":"https:\/\/monastere.ca\/en\/","name":"Monast\u00e8re des Augustines","description":"Monast\u00e8re des Augustines, un havre patrimonial authentique de sant\u00e9 et de mieux-\u00eatre avec atelier, spa, mus\u00e9e, restaurant et h\u00f4tellerie au Qu\u00e9bec.","publisher":{"@id":"https:\/\/monastere.ca\/en\/#organization"},"potentialAction":[{"@type":"SearchAction","target":{"@type":"EntryPoint","urlTemplate":"https:\/\/monastere.ca\/en\/?s={search_term_string}"},"query-input":{"@type":"PropertyValueSpecification","valueRequired":true,"valueName":"search_term_string"}}],"inLanguage":"en-US"},{"@type":"Organization","@id":"https:\/\/monastere.ca\/en\/#organization","name":"Monast\u00e8re des Augustines","url":"https:\/\/monastere.ca\/en\/","logo":{"@type":"ImageObject","inLanguage":"en-US","@id":"https:\/\/monastere.ca\/en\/#\/schema\/logo\/image\/","url":"https:\/\/monastere.ca\/wp-content\/uploads\/2023\/07\/logo-monastere.svg","contentUrl":"https:\/\/monastere.ca\/wp-content\/uploads\/2023\/07\/logo-monastere.svg","width":1,"height":1,"caption":"Monast\u00e8re des Augustines"},"image":{"@id":"https:\/\/monastere.ca\/en\/#\/schema\/logo\/image\/"},"sameAs":["https:\/\/www.facebook.com\/monastere.ca\/?locale=fr_CA","https:\/\/www.instagram.com\/lemonasteredesaugustines\/","https:\/\/www.linkedin.com\/company\/le-monastere-des-augustines\/?originalSubdomain=ca","https:\/\/fr.tripadvisor.ca\/Hotel_Review-g155033-d8460643-Reviews-Le_Monastere_des_Augustines-Quebec_City_Quebec.html"]}]}},"publishpress_future_workflow_manual_trigger":{"enabledWorkflows":[]},"_links":{"self":[{"href":"https:\/\/monastere.ca\/en\/wp-json\/wp\/v2\/activities\/3041","targetHints":{"allow":["GET"]}}],"collection":[{"href":"https:\/\/monastere.ca\/en\/wp-json\/wp\/v2\/activities"}],"about":[{"href":"https:\/\/monastere.ca\/en\/wp-json\/wp\/v2\/types\/activities"}],"wp:attachment":[{"href":"https:\/\/monastere.ca\/en\/wp-json\/wp\/v2\/media?parent=3041"}],"wp:term":[{"taxonomy":"activity-category","embeddable":true,"href":"https:\/\/monastere.ca\/en\/wp-json\/wp\/v2\/activity-category?post=3041"}],"curies":[{"name":"wp","href":"https:\/\/api.w.org\/{rel}","templated":true}]}}